{"id":3,"date":"2022-03-25T13:52:18","date_gmt":"2022-03-25T13:52:18","guid":{"rendered":"https:\/\/webshop.jazminkert.hu\/?page_id=3"},"modified":"2022-12-17T08:02:15","modified_gmt":"2022-12-17T08:02:15","slug":"adatkezeles","status":"publish","type":"page","link":"https:\/\/webshop.jazminkert.hu\/en\/adatkezeles\/","title":{"rendered":"Adatkezel\u00e9s"},"content":{"rendered":"\n<p>Adatkezel\u00e9si t\u00e1j\u00e9koztat\u00f3<br>Elfogad\u00e1s d\u00e1tuma: 2022-11-12<br>Adatkezel\u0151<br>N\u00e9v: KASZ-KER Kft.<\/p>\n\n\n\n<p>Sz\u00e9khely: 8042 Moha F\u0151 utca 102.<\/p>\n\n\n\n<p>Levelez\u00e9si c\u00edm, panaszkezel\u00e9s: 8042 Moha F\u0151 utca 102.<\/p>\n\n\n\n<p>E-mail: info@jazminkert.hu<\/p>\n\n\n\n<p>Telefonsz\u00e1m: (+36) 70\/935-4725<\/p>\n\n\n\n<p>Weboldal: https:\/\/jazminkert.hu<\/p>\n\n\n\n<p>T\u00e1rhelyszolg\u00e1ltat\u00f3<br>N\u00e9v: LIW Intermedia Kft.<\/p>\n\n\n\n<p>Levelez\u00e9si c\u00edm: 8000 Sz\u00e9kesfeh\u00e9rv\u00e1r T\u00e1virda utca 2\/A<\/p>\n\n\n\n<p>E-mail c\u00edm: info@liw.hu<\/p>\n\n\n\n<p>Telefonsz\u00e1m: +36 30&nbsp;293 7971<\/p>\n\n\n\n<p><strong>A webshop \u00fczemeltet\u00e9se sor\u00e1n v\u00e9gzett adatkezel\u00e9sek le\u00edr\u00e1sa<\/strong><br>A jelen dokumentum a webshop m\u0171k\u00f6d\u00e9s\u00e9vel kapcsolatban minden relev\u00e1ns adatkezel\u00e9si<br>inform\u00e1ci\u00f3t tartalmaz az Eur\u00f3pai Uni\u00f3 2016\/679 sz\u00e1m\u00fa \u00c1ltal\u00e1nos Adatv\u00e9delmi Rendelete (a<br>tov\u00e1bbiakban: Rendelet, GDPR) \u00e9s a 2011. \u00e9vi CXII. tv. (a tov\u00e1bbiakban: Infotv.) alapj\u00e1n.<\/p>\n\n\n\n<p><strong>A szerz\u0151d\u00e9sk\u00f6t\u00e9s \u00e9s teljes\u00edt\u00e9s \u00e9rdek\u00e9ben kezelt adatok<br><\/strong>A szerz\u0151d\u00e9sk\u00f6t\u00e9s \u00e9s teljes\u00edt\u00e9s \u00e9rdek\u00e9ben t\u00f6bb adatkezel\u00e9si eset is megval\u00f3sulhat. T\u00e1j\u00e9koztatjuk,<br>hogy panaszkezel\u00e9ssel, garanci\u00e1lis \u00fcgyint\u00e9z\u00e9ssel kapcsolatos adatkezel\u00e9s csak abban az esetben<br>val\u00f3sul meg, ha \u00d6n \u00e9l valamelyik eml\u00edtett jog\u00e1val.<br><\/p>\n\n\n\n<p>Amennyiben a webshopon kereszt\u00fcl \u00d6n nem v\u00e1s\u00e1rol, csak l\u00e1togat\u00f3ja a webshopnak, akkor a<br>marketing c\u00e9l\u00fa adatkezel\u00e9sn\u00e9l \u00edrtak vonatkozhatnak \u00d6nre, amennyiben marketing c\u00e9l\u00fa hozz\u00e1j\u00e1rul\u00e1st<br>ad sz\u00e1munkra.<\/p>\n\n\n\n<p><br>A szerz\u0151d\u00e9sk\u00f6t\u00e9s \u00e9s teljes\u00edt\u00e9s \u00e9rdek\u00e9ben megval\u00f3sul\u00f3 adatkezel\u00e9sek r\u00e9szletesebben:<br><strong>Kapcsolatfelv\u00e9tel<\/strong><br>Ha p\u00e9ld\u00e1ul emailben, kapcsolatfelv\u00e9teli \u0171rlapon, vagy telefonon k\u00e9rd\u00e9ssel fordul hozz\u00e1nk valamely<br>term\u00e9kkel kapcsolatban. Az el\u0151zetes kapcsolatfelv\u00e9tel nem k\u00f6telez\u0151, ezt kihagyva is b\u00e1rmikor<br>rendelhet a webshopb\u00f3l.<\/p>\n\n\n\n<p><strong>Kezelt adatok<\/strong><br>Az \u00d6n \u00e1ltal a kapcsolatfelv\u00e9tel sor\u00e1n megadott adatok, el\u00e9rhet\u0151s\u00e9gek,c\u00edm,n\u00e9v, \u00e9s e-mail c\u00edm.<\/p>\n\n\n\n<p><strong>Az adatkezel\u00e9s id\u0151tartama<br><\/strong>Az adatokat csak a kapcsolatfelv\u00e9tel lez\u00e1rult\u00e1ig kezelj\u00fck.<\/p>\n\n\n\n<p><strong>Az adatkezel\u00e9s jogalapja<\/strong><br>Az \u00d6n \u00f6nk\u00e9ntes hozz\u00e1j\u00e1rul\u00e1sa, amit a kapcsolatfelv\u00e9tellel ad meg Adatkezel\u0151 sz\u00e1m\u00e1ra. [Rendelet 6.<br>cikk (1) bekezd\u00e9s a) pont szerinti adatkezel\u00e9s]<\/p>\n\n\n\n<p><strong>Regisztr\u00e1ci\u00f3 a weboldalon<\/strong><br>A regisztr\u00e1ci\u00f3 sor\u00e1n megadott adatok t\u00e1rol\u00e1s\u00e1val az Adatkezel\u0151 k\u00e9nyelmesebb szolg\u00e1ltat\u00e1st tud<br>biztos\u00edtani (pl. az \u00e9rintett adatait \u00fajabb v\u00e1s\u00e1rl\u00e1skor nem kell ism\u00e9t megadni). A regisztr\u00e1ci\u00f3 a<br>szerz\u0151d\u00e9sk\u00f6t\u00e9snek nem felt\u00e9tele<\/p>\n\n\n\n<p><strong>Kezelt adatok<\/strong><br>Az adatkezel\u00e9s sor\u00e1n az Adatkezel\u0151 az \u00d6n nev\u00e9t, lakc\u00edm\u00e9t, telefonsz\u00e1m\u00e1t, e-mail c\u00edm\u00e9t, a<br>megv\u00e1s\u00e1rolt term\u00e9k jellemz\u0151it \u00e9s a v\u00e1s\u00e1rl\u00e1s id\u0151pontj\u00e1t kezeli.<\/p>\n\n\n\n<p><strong>Az adatkezel\u00e9s id\u0151tartama<\/strong><br>A hozz\u00e1j\u00e1rul\u00e1s\u00e1nak visszavon\u00e1s\u00e1ig.<\/p>\n\n\n\n<p><strong>Az adatkezel\u00e9s jogalapja<\/strong><br>Az \u00d6n \u00f6nk\u00e9ntes hozz\u00e1j\u00e1rul\u00e1sa, amit a regisztr\u00e1ci\u00f3val ad meg az Adatkezel\u0151 sz\u00e1m\u00e1ra [Rendelet 6. cikk<br>(1) bekezd\u00e9s a) pont szerinti adatkezel\u00e9s]<\/p>\n\n\n\n<p><strong>A rendel\u00e9s feldolgoz\u00e1sa<\/strong><br>A rendel\u00e9sek feldolgoz\u00e1sa sor\u00e1n a szerz\u0151d\u00e9s teljes\u00edt\u00e9se \u00e9rdek\u00e9ben sz\u00fcks\u00e9gesek adatkezel\u00e9si<br>tev\u00e9kenys\u00e9gek.<\/p>\n\n\n\n<p><strong>Kezelt adatok<\/strong><br>Az adatkezel\u00e9s sor\u00e1n az Adatkezel\u0151 az \u00d6n nev\u00e9t, lakc\u00edm\u00e9t, telefonsz\u00e1m\u00e1t, e-mail c\u00edm\u00e9t, a<br>megv\u00e1s\u00e1rolt term\u00e9k jellemz\u0151it, a megrendel\u00e9s sz\u00e1m\u00e1t \u00e9s a v\u00e1s\u00e1rl\u00e1s id\u0151pontj\u00e1t kezeli.<\/p>\n\n\n\n<p>Amennyiben \u00d6n rendel\u00e9st adott le a webshopban, akkor az adatkezel\u00e9s \u00e9s az adatok megad\u00e1sa a<br>szerz\u0151d\u00e9s teljes\u00edt\u00e9s\u00e9hez elengedhetetlen.<\/p>\n\n\n\n<p><strong>Az adatkezel\u00e9s id\u0151tartama<\/strong><br>Az adatokat a polg\u00e1ri jogi el\u00e9v\u00fcl\u00e9si id\u0151 szerint 5 \u00e9vig kezelj\u00fck.<\/p>\n\n\n\n<p><strong>Az adatkezel\u00e9s jogalapja<\/strong><br>A szerz\u0151d\u00e9s teljes\u00edt\u00e9se. [Rendelet 6. cikk (1) bekezd\u00e9s b) pont szerinti adatkezel\u00e9s]<\/p>\n\n\n\n<p><strong>A sz\u00e1mla ki\u00e1ll\u00edt\u00e1sa<\/strong><br>Az adatkezel\u00e9si folyamat a jogszab\u00e1lyoknak megfelel\u0151 sz\u00e1mla ki\u00e1ll\u00edt\u00e1sa \u00e9s a sz\u00e1mviteli bizonylat-<br>meg\u0151rz\u00e9si k\u00f6telezetts\u00e9g teljes\u00edt\u00e9se \u00e9rdek\u00e9ben t\u00f6rt\u00e9nik. Az Sztv. 169. \u00a7 (1)-(2) bekezd\u00e9se alapj\u00e1n a<br>gazdas\u00e1gi t\u00e1rsas\u00e1goknak a k\u00f6nyvviteli elsz\u00e1mol\u00e1st k\u00f6zvetlen\u00fcl \u00e9s k\u00f6zvetetten al\u00e1t\u00e1maszt\u00f3 sz\u00e1mviteli<br>bizonylatot meg kell \u0151rizni\u00fck.<\/p>\n\n\n\n<p><strong>Kezelt adatok<\/strong><br>N\u00e9v, c\u00edm, e-mail c\u00edm, telefonsz\u00e1m.<\/p>\n\n\n\n<p><strong>Az adatkezel\u00e9s id\u0151tartama<\/strong><br>A ki\u00e1ll\u00edtott sz\u00e1ml\u00e1kat az Sztv. 169. \u00a7 (2) bekezd\u00e9se alapj\u00e1n a sz\u00e1mla ki\u00e1ll\u00edt\u00e1s\u00e1t\u00f3l sz\u00e1m\u00edtott 8 \u00e9vig meg<br>kell \u0151rizni.<\/p>\n\n\n\n<p><strong>Az adatkezel\u00e9s jogalapja<\/strong><br>Az \u00e1ltal\u00e1nos forgalmi ad\u00f3r\u00f3l sz\u00f3l\u00f3 2007. \u00e9vi CXXVII. 159. \u00a7 (1) bekezd\u00e9se alapj\u00e1n a sz\u00e1mla kibocs\u00e1t\u00e1sa<br>k\u00f6telez\u0151 \u00e9s azt sz\u00e1mvitelr\u0151l sz\u00f3l\u00f3 2000. \u00e9vi C. t\u00f6rv\u00e9ny 169. \u00a7 (2) bekezd\u00e9se alapj\u00e1n 8 \u00e9vig kell<br>meg\u0151rizni [Rendelet 6. cikk (1) bekezd\u00e9s c) pont szerinti adatkezel\u00e9s].<\/p>\n\n\n\n<p><strong>Az \u00e1rusz\u00e1ll\u00edt\u00e1shoz kapcsol\u00f3d\u00f3 adatkezel\u00e9s<\/strong><br>Az adatkezel\u00e9si folyamat a megrendelt term\u00e9k kisz\u00e1ll\u00edt\u00e1sa \u00e9rdek\u00e9ben t\u00f6rt\u00e9nik.<\/p>\n\n\n\n<p><strong>Kezelt adatok<\/strong><br>N\u00e9v, c\u00edm, e-mail c\u00edm, telefonsz\u00e1m.<\/p>\n\n\n\n<p><strong>Az adatkezel\u00e9s id\u0151tartama<\/strong><br>Az Adatkezel\u0151 az adatokat a megrendelt \u00e1ru kisz\u00e1ll\u00edt\u00e1s\u00e1nak id\u0151tartam\u00e1ig kezeli.<\/p>\n\n\n\n<p><strong>Az adatkezel\u00e9s jogalapja<\/strong><br>Szerz\u0151d\u00e9s teljes\u00edt\u00e9se [Rendelet 6. cikk (1) bekezd\u00e9s b) pont szerinti adatkezel\u00e9s].<\/p>\n\n\n\n<p>Az \u00e1rusz\u00e1ll\u00edt\u00e1shoz kapcsol\u00f3d\u00f3 adatkezel\u00e9sek c\u00edmzettjei, adatfeldolgoz\u00f3i<\/p>\n\n\n\n<p>A c\u00edmzett megnevez\u00e9se: Magyar Posta Z\u00e1rtk\u00f6r\u0171en M\u0171k\u00f6d\u0151 R\u00e9szv\u00e9nyt\u00e1rsas\u00e1g<\/p>\n\n\n\n<p>A c\u00edmzett sz\u00e9khelye: 1138 Budapest, Dunavir\u00e1g utca 2-6.<\/p>\n\n\n\n<p>A c\u00edmzett telefonsz\u00e1ma: +36-1\/767-8200<\/p>\n\n\n\n<p>A c\u00edmzett e-mail c\u00edme: ugyfelszolgalat@posta.hu<\/p>\n\n\n\n<p>A c\u00edmzett weboldala: posta.hu<\/p>\n\n\n\n<p>A fut\u00e1rszolg\u00e1lat az Adatkezel\u0151vel k\u00f6t\u00f6tt szerz\u0151d\u00e9s alapj\u00e1n k\u00f6zrem\u0171k\u00f6dik a megrendelt \u00e1ru<br>kisz\u00e1ll\u00edt\u00e1s\u00e1ban. A fut\u00e1rszolg\u00e1lat a megkapott szem\u00e9lyes adatokat a weboldal\u00e1n el\u00e9rhet\u0151 adatkezel\u00e9si<br>t\u00e1j\u00e9koztat\u00f3ban foglaltak szerint kezeli.<\/p>\n\n\n\n<p><strong>Egy\u00e9b fogyaszt\u00f3v\u00e9delmi panaszok kezel\u00e9se<\/strong><br>Az adatkezel\u00e9si folyamat a fogyaszt\u00f3v\u00e9delmi panaszok kezel\u00e9se \u00e9rdek\u00e9ben t\u00f6rt\u00e9nik. Amennyiben \u00d6n<br>panasszal fordult hozz\u00e1nk, akkor az adatkezel\u00e9s \u00e9s az adatok megad\u00e1sa elengedhetetlen.<\/p>\n\n\n\n<p><strong>Kezelt adatok<\/strong><br>V\u00e1s\u00e1rl\u00f3 neve, telefonsz\u00e1ma, email c\u00edme, panasz tartalma.<\/p>\n\n\n\n<p><strong>Az adatkezel\u00e9s id\u0151tartama<\/strong><br>A garanci\u00e1lis panaszokat a fogyaszt\u00f3v\u00e9delemr\u0151l sz\u00f3l\u00f3 t\u00f6rv\u00e9ny alapj\u00e1n 3 \u00e9vig \u0151rizz\u00fck meg.<\/p>\n\n\n\n<p><strong>Az adatkezel\u00e9s jogalapja<\/strong><br>Az, hogy hozz\u00e1nk fordul-e panasszal az \u00d6n \u00f6nk\u00e9ntes d\u00f6nt\u00e9se, azonban ha hozz\u00e1nk fordul, a<br>fogyaszt\u00f3v\u00e9delemr\u0151l sz\u00f3l\u00f3 1997. \u00e9vi CLV. t\u00f6rv\u00e9ny 17\/A. \u00a7 (7) bekezd\u00e9se alapj\u00e1n 3 \u00e9vig k\u00f6teles<br>vagyunk a panaszt meg\u0151rizni [Rendelet 6. cikk (1) bekezd\u00e9s c) pont szerinti adatkezel\u00e9s].<\/p>\n\n\n\n<p>A hozz\u00e1j\u00e1rul\u00e1s igazolhat\u00f3s\u00e1g\u00e1val kapcsolatban kezelt adatok<br>A regisztr\u00e1ci\u00f3, megrendel\u00e9s, h\u00edrlev\u00e9lre t\u00f6rt\u00e9n\u0151 feliratkoz\u00e1s sor\u00e1n az informatikai rendszer elt\u00e1rolja a<br>hozz\u00e1j\u00e1rul\u00e1ssal kapcsolatos informatikai adatokat a k\u00e9s\u0151bbi bizony\u00edthat\u00f3s\u00e1g \u00e9rdek\u00e9ben.<\/p>\n\n\n\n<p>Kezelt adatok<br>A hozz\u00e1j\u00e1rul\u00e1s id\u0151pontja \u00e9s az \u00e9rintett IP c\u00edme.<\/p>\n\n\n\n<p>Az adatkezel\u00e9s id\u0151tartama<br>A jogszab\u00e1lyi el\u0151\u00edr\u00e1sok miatt a hozz\u00e1j\u00e1rul\u00e1st k\u00e9s\u0151bb igazolni kell tudni, ez\u00e9rt az adatt\u00e1rol\u00e1s<br>id\u0151tartama az adatkezel\u00e9s megsz\u0171n\u00e9s\u00e9t k\u00f6vet\u0151 el\u00e9v\u00fcl\u00e9si ideig ker\u00fcl t\u00e1rol\u00e1sra.<\/p>\n\n\n\n<p>Az adatkezel\u00e9s jogalapja<br>A Rendelet 7. cikk (1) bekezd\u00e9se \u00edrja el\u0151 ezt a k\u00f6telezetts\u00e9get. [Rendelet 6. cikk (1) bekezd\u00e9s c) pont<br>szerinti adatkezel\u00e9s]<\/p>\n\n\n\n<p>Marketing c\u00e9l\u00fa adatkezel\u00e9sek<br>A h\u00edrlev\u00e9l-k\u00fcld\u00e9ssel kapcsolatos adatkezel\u00e9s<br>Az adatkezel\u00e9si folyamat a h\u00edrlevelek kik\u00fcld\u00e9se \u00e9rdek\u00e9ben t\u00f6rt\u00e9nik.<\/p>\n\n\n\n<p>Kezelt adatok<br>N\u00e9v, e-mail c\u00edm<\/p>\n\n\n\n<p>Az adatkezel\u00e9s id\u0151tartama<br>Az \u00e9rintett hozz\u00e1j\u00e1rul\u00e1s\u00e1nak visszavon\u00e1s\u00e1ig.<\/p>\n\n\n\n<p>Az adatkezel\u00e9s jogalapja<br>Az \u00d6n \u00f6nk\u00e9ntes hozz\u00e1j\u00e1rul\u00e1sa, ami a h\u00edrlev\u00e9lre t\u00f6rt\u00e9n\u0151 feliratkoz\u00e1ssal ad meg az Adatkezel\u0151 sz\u00e1m\u00e1ra<br>[Rendelet 6. cikk (1) bekezd\u00e9s a) pont szerinti adatkezel\u00e9s]<\/p>\n\n\n\n<p>Tov\u00e1bbi adatkezel\u00e9sek<br>Amennyiben az Adatkezel\u0151 tov\u00e1bbi adatkezel\u00e9st k\u00edv\u00e1n v\u00e9gezni, akkor el\u0151zetes t\u00e1j\u00e9koztatat\u00e1st ny\u00fajt<br>az adatkezel\u00e9s l\u00e9nyeges k\u00f6r\u00fclm\u00e9nyeir\u0151l (adatkezel\u00e9s jogszab\u00e1lyi h\u00e1ttere \u00e9s jogalapja, az adatkezel\u00e9s<br>c\u00e9lja, a kezelt adatok k\u00f6re, az adatkezel\u00e9s id\u0151tartama).<\/p>\n\n\n\n<p>A szem\u00e9lyes adatok c\u00edmzettjei<br>A szem\u00e9lyes adatok t\u00e1rol\u00e1s\u00e1ra ir\u00e1nyul\u00f3 adatfeldolgoz\u00e1s<br>Az adatfeldolgoz\u00f3 megnevez\u00e9se:Liw Intermedia Kft.<\/p>\n\n\n\n<p>Az adatfeldolgoz\u00f3 el\u00e9rhet\u0151s\u00e9gei:<\/p>\n\n\n\n<p>Telefonsz\u00e1m: +36 30-2937971<\/p>\n\n\n\n<p>E-mail c\u00edm: info@liw.hu<\/p>\n\n\n\n<p>Sz\u00e9khely:8000 Sz\u00e9kesfeh\u00e9rv\u00e1r T\u00e1virda utca2\/A<\/p>\n\n\n\n<p>Weboldal: https:\/\/www.liw.hu\/<\/p>\n\n\n\n<p>Az Adatfeldolgoz\u00f3 az Adatkezel\u0151vel k\u00f6t\u00f6tt szerz\u0151d\u00e9s alapj\u00e1n a szem\u00e9lyes adatok t\u00e1rol\u00e1s\u00e1t v\u00e9gzi. A<br>szem\u00e9lyes adatok megismer\u00e9s\u00e9re nem jogosult.<\/p>\n\n\n\n<p>Az online fizet\u00e9ssel kapcsolatos adatkezel\u00e9s<br>Az adatkezel\u0151 megnevez\u00e9se: OTP Mobil Szolg\u00e1ltat\u00f3 Korl\u00e1tolt Felel\u0151ss\u00e9g\u0171 T\u00e1rsas\u00e1g<\/p>\n\n\n\n<p>Az adatkezel\u0151 sz\u00e9khelye: 1143 Budapest, Hung\u00e1ria krt. 17-19.<\/p>\n\n\n\n<p>Az adatkezel\u0151 telefonsz\u00e1ma: +36 1 3-666-611<\/p>\n\n\n\n<p>Az adatkezel\u0151 e-mail c\u00edme: ugyfelszolgalat@simple.hu<\/p>\n\n\n\n<p>Az adatkezel\u0151 weboldala: https:\/\/simplepay.hu<\/p>\n\n\n\n<p>A fizet\u00e9si szolg\u00e1ltat\u00f3 az Adatkezel\u0151vel k\u00f6t\u00f6tt szerz\u0151d\u00e9s alapj\u00e1n k\u00f6zrem\u0171k\u00f6dik az Online fizet\u00e9s<br>v\u00e9grehajt\u00e1s\u00e1ban, amely \u00e9rdek\u00e9ben a v\u00e1s\u00e1rl\u00e1si folyamat sor\u00e1n adattov\u00e1bb\u00edt\u00e1s val\u00f3sul meg az online<br>fizet\u00e9si szolg\u00e1ltat\u00f3 fel\u00e9. Ennek sor\u00e1n az az online fizet\u00e9si szolg\u00e1ltat\u00f3 az \u00e9rintett sz\u00e1ml\u00e1z\u00e1si nev\u00e9t<br>nev\u00e9t \u00e9s c\u00edm\u00e9t, a rendel\u00e9s sz\u00e1m\u00e1t \u00e9s id\u0151pontj\u00e1t saj\u00e1t adatkezel\u00e9si szab\u00e1lyai szerint kezeli.<\/p>\n\n\n\n<p>Az adattov\u00e1bb\u00edt\u00e1s c\u00e9lja: az online fizet\u00e9si szolg\u00e1ltat\u00f3 sz\u00e1m\u00e1ra a v\u00e1s\u00e1rl\u00e1shoz kapcsol\u00f3d\u00f3, n\u00e1la<br>kezdem\u00e9nyezett fizet\u00e9si m\u0171velethez sz\u00fcks\u00e9ges tranzakci\u00f3s adatok biztos\u00edt\u00e1sa.<\/p>\n\n\n\n<p>Az adattov\u00e1bb\u00edt\u00e1s jogalapja: a Rendelet 6. cikk (1) bekezd\u00e9s b) pontja alapj\u00e1n az \u00d6n \u00e9s Adatkezel\u0151<br>k\u00f6z\u00f6tt l\u00e9trej\u00f6tt szerz\u0151d\u00e9s teljes\u00edt\u00e9se, amelynek r\u00e9sze a fizet\u00e9s a v\u00e1s\u00e1rl\u00f3 r\u00e9sz\u00e9r\u0151l, online fizet\u00e9s eset\u00e9n<br>pedig a fizet\u00e9shez a jelen pont szerinti adattov\u00e1bb\u00edt\u00e1s sz\u00fcks\u00e9ges<\/p>\n\n\n\n<p>Az adatkezel\u00e9s sor\u00e1n \u00d6nt megillet\u0151 jogok<br>Az adatkezel\u00e9s id\u0151tartam\u00e1n bel\u00fcl \u00d6nt a Rendelet el\u0151\u00edr\u00e1sai szerint az al\u00e1bbi jogok illetik meg:<\/p>\n\n\n\n<p>a hozz\u00e1j\u00e1rul\u00e1s visszavon\u00e1s\u00e1nak joga<br>szem\u00e9lyes adatokhoz \u00e9s az adatkezel\u00e9ssel kapcsolatos inform\u00e1ci\u00f3khoz val\u00f3 hozz\u00e1f\u00e9r\u00e9s<br>helyesb\u00edt\u00e9shez val\u00f3 jog<br>adatkezel\u00e9s korl\u00e1toz\u00e1sa,<br>t\u00f6rl\u00e9shez val\u00f3 jog<br>tiltakoz\u00e1shoz val\u00f3 jog<br>hordozhat\u00f3s\u00e1ghoz val\u00f3 jog.<br>Amennyiben \u00d6n a jogaival \u00e9lni k\u00edv\u00e1n, az az \u00d6n azonos\u00edt\u00e1s\u00e1val j\u00e1r egy\u00fctt, valamint az Adatkezel\u0151nek<br>\u00d6nnel sz\u00fcks\u00e9gszer\u0171en kommunik\u00e1lnia kell. Ez\u00e9rt az azonos\u00edt\u00e1s \u00e9rdek\u00e9ben szem\u00e9lyes adatok<br>megad\u00e1s\u00e1ra lesz sz\u00fcks\u00e9g (de az azonos\u00edt\u00e1s csak olyan adaton alapulhat, amelyet Adatkezel\u0151<br>egy\u00e9bk\u00e9nt is kezel \u00d6nr\u0151l), valamint az Adatkezel\u0151 email fi\u00f3kj\u00e1ban el\u00e9rhet\u0151ek lesz az \u00d6n<br>adatkezel\u00e9ssel kapcsolatos panaszai a jelen t\u00e1j\u00e9koztat\u00f3ban, a panaszokkal kapcsolatban megjel\u00f6lt<br>id\u0151tartamon bel\u00fcl. Amennyiben \u00d6n v\u00e1s\u00e1rl\u00f3nk volt \u00e9s panasz\u00fcgyint\u00e9z\u00e9s, vagy garanci\u00e1lis \u00fcgyint\u00e9z\u00e9s<br>\u00e9rdek\u00e9ben szeretn\u00e9 mag\u00e1t azonos\u00edtani, az azonos\u00edt\u00e1shoz k\u00e9rj\u00fck adja meg rendel\u00e9si azonos\u00edt\u00f3j\u00e1t is.<br>Ennek felhaszn\u00e1l\u00e1s\u00e1val \u00d6nt, mint v\u00e1s\u00e1rl\u00f3t is be tudjuk azonos\u00edtani.<\/p>\n\n\n\n<p>Az adatkezel\u00e9ssel kapcsolatos panaszokat legk\u00e9s\u0151bb 30 napon bel\u00fcl v\u00e1laszolja meg Adatkezel\u0151.<\/p>\n\n\n\n<p>A hozz\u00e1j\u00e1rul\u00e1s visszavon\u00e1s\u00e1nak joga<br>\u00d6n b\u00e1rmikor jogosult az adatkezel\u00e9shez adott hozz\u00e1j\u00e1rul\u00e1st visszavonni, ilyen esetben a megadott<br>adatokat rendszereinkb\u0151l t\u00f6r\u00f6lj\u00fck. K\u00e9rj\u00fck azonban vegye figyelembe, hogy a m\u00e9g nem teljes\u00edtett<br>megrendel\u00e9s eset\u00e9n a visszavon\u00e1s azzal a k\u00f6vetkezm\u00e9nnyel j\u00e1rhat, hogy nem tudjuk \u00d6n fel\u00e9<br>teljes\u00edteni a kisz\u00e1ll\u00edt\u00e1st. Emellett, ha a v\u00e1s\u00e1rl\u00e1s m\u00e1r megval\u00f3sult, a sz\u00e1mviteli el\u0151\u00edr\u00e1sok alapj\u00e1n a<br>sz\u00e1ml\u00e1z\u00e1ssal kapcsolatos adatokat nem t\u00f6r\u00f6lhetj\u00fck rendszereinkb\u0151l, valamint ha \u00d6nnek tartoz\u00e1sa \u00e1ll<br>fenn fel\u00e9nk, akkor a k\u00f6vetel\u00e9s behajt\u00e1s\u00e1val kapcsolatos jogos \u00e9rdek alapj\u00e1n adatait a hozz\u00e1j\u00e1rul\u00e1s<br>visszavon\u00e1sa eset\u00e9n is kezelhetj\u00fck.<\/p>\n\n\n\n<p>A szem\u00e9lyes adatokhoz val\u00f3 hozz\u00e1f\u00e9r\u00e9s<br>\u00d6n jogosult arra, hogy az Adatkezel\u0151t\u0151l visszajelz\u00e9st kapjon arra vonatkoz\u00f3an, hogy szem\u00e9lyes<br>adatainak kezel\u00e9se folyamatban van-e, \u00e9s ha adatkezel\u00e9s folyamatban van, jogosult arra, hogy:<\/p>\n\n\n\n<p>a kezelt szem\u00e9lyes adatokhoz hozz\u00e1f\u00e9r\u00e9st kapjon \u00e9s<br>a k\u00f6vetkez\u0151 inform\u00e1ci\u00f3kr\u00f3l az Adatkezel\u0151 t\u00e1j\u00e9koztassa:<\/p>\n\n\n\n<p>az adatkezel\u00e9s c\u00e9ljai;<br>az \u00d6nr\u0151l kezelt szem\u00e9lyes adatok kateg\u00f3ri\u00e1i;<br>inform\u00e1ci\u00f3 azon c\u00edmzettekr\u0151l vagy c\u00edmzettek kateg\u00f3ri\u00e1ir\u00f3l, akikkel, illetve amelyekkel a szem\u00e9lyes<br>adatokat az Adatkezel\u0151 k\u00f6z\u00f6lte vagy k\u00f6z\u00f6lni fogja;<br>a szem\u00e9lyes adatok t\u00e1rol\u00e1s\u00e1nak tervezett id\u0151tartama, vagy ha ez nem lehets\u00e9ges, ezen id\u0151tartam<br>meghat\u00e1roz\u00e1s\u00e1nak szempontjai;<br>az \u00d6n azon joga, hogy k\u00e9relmezheti az Adatkezel\u0151t\u0151l az \u00d6nre vonatkoz\u00f3 szem\u00e9lyes adatok<br>helyesb\u00edt\u00e9s\u00e9t, t\u00f6rl\u00e9s\u00e9t vagy kezel\u00e9s\u00e9nek korl\u00e1toz\u00e1s\u00e1t, \u00e9s jogos \u00e9rdeken alapul\u00f3 adatkezel\u00e9s eset\u00e9n<br>tiltakozhat az ilyen szem\u00e9lyes adatok kezel\u00e9se ellen;<br>a fel\u00fcgyeleti hat\u00f3s\u00e1ghoz c\u00edmzett panasz beny\u00fajt\u00e1s\u00e1nak joga;<br>ha az adatokat nem \u00d6nt\u0151l gy\u0171jt\u00f6tt\u00e9k be, a forr\u00e1sukra vonatkoz\u00f3 minden el\u00e9rhet\u0151 inform\u00e1ci\u00f3;<br>az automatiz\u00e1lt d\u00f6nt\u00e9shozatal t\u00e9ny\u00e9r\u0151l (ha alkalmazott ilyen elj\u00e1r\u00e1s), ide\u00e9rtve a profilalkot\u00e1st is,<br>valamint legal\u00e1bb ezekben az esetekben az alkalmazott logik\u00e1ra \u00e9s arra vonatkoz\u00f3an \u00e9rthet\u0151<br>inform\u00e1ci\u00f3kat, hogy az ilyen adatkezel\u00e9s milyen jelent\u0151s\u00e9ggel, \u00e9s \u00d6nre n\u00e9zve milyen v\u00e1rhat\u00f3<br>k\u00f6vetkezm\u00e9nyekkel b\u00edr.<br>A jog gyakorl\u00e1s\u00e1nak c\u00e9lja az adatkezel\u00e9s jogszer\u0171s\u00e9g\u00e9nek meg\u00e1llap\u00edt\u00e1s\u00e1ra \u00e9s ellen\u0151rz\u00e9s\u00e9re<br>ir\u00e1nyulhat, ez\u00e9rt t\u00f6bbsz\u00f6ri t\u00e1j\u00e9koztat\u00e1s k\u00e9r\u00e9s eset\u00e9n az Adatkezel\u0151 m\u00e9lt\u00e1nyos k\u00f6lts\u00e9gt\u00e9r\u00edt\u00e9st<br>sz\u00e1molhat fel a t\u00e1j\u00e9koztat\u00e1s teljes\u00edt\u00e9s\u00e9\u00e9rt cser\u00e9be.<\/p>\n\n\n\n<p>A szem\u00e9lyes adatokhoz val\u00f3 hozz\u00e1f\u00e9r\u00e9st az Adatkezel\u0151 \u00fagy biztos\u00edtja, hogy az \u00d6n azonos\u00edt\u00e1s\u00e1t<br>k\u00f6vet\u0151en emailben juttatja el \u00d6nh\u00f6z a kezelt szem\u00e9lyes adatokat \u00e9s az inform\u00e1ci\u00f3kat. Amennyiben<br>regisztr\u00e1ci\u00f3val rendelkezik, akkor a hozz\u00e1f\u00e9r\u00e9st \u00fagy biztos\u00edtjuk, hogy a felhaszn\u00e1l\u00f3i fi\u00f3kj\u00e1ba bel\u00e9pve<br>tudja az \u00d6nr\u0151l kezelt szem\u00e9lyes adatokat megtekinteni \u00e9s ellen\u0151rizni.<\/p>\n\n\n\n<p>K\u00e9rj\u00fck, hogy k\u00e9relm\u00e9ben jel\u00f6lje meg, hogy a szem\u00e9lyes adatokhoz k\u00e9r hozz\u00e1f\u00e9r\u00e9st, vagy az<br>adatkezel\u00e9ssel kapcsolatos inform\u00e1ci\u00f3kat k\u00e9ri.<\/p>\n\n\n\n<p>Helyesb\u00edt\u00e9shez val\u00f3 jog<br>\u00d6n jogosult arra, hogy k\u00e9r\u00e9s\u00e9re az Adatkezel\u0151 k\u00e9sedelem n\u00e9lk\u00fcl helyesb\u00edtse az \u00d6nre vonatkoz\u00f3<br>pontatlan szem\u00e9lyes adatokat.<\/p>\n\n\n\n<p>Adatkezel\u00e9s korl\u00e1toz\u00e1s\u00e1hoz val\u00f3 jog<br>\u00d6n jogosult arra, hogy k\u00e9r\u00e9s\u00e9re az Adatkezel\u0151 korl\u00e1tozza az adatkezel\u00e9st, ha az al\u00e1bbiak valamelyike<br>teljes\u00fcl:<\/p>\n\n\n\n<p>\u00d6n vitatja a szem\u00e9lyes adatok pontoss\u00e1g\u00e1t, ez esetben a korl\u00e1toz\u00e1s arra az id\u0151tartamra vonatkozik,<br>amely lehet\u0151v\u00e9 teszi, hogy az Adatkezel\u0151 ellen\u0151rizze a szem\u00e9lyes adatok pontoss\u00e1g\u00e1t, ha a pontos<br>adat azonnal meg\u00e1llap\u00edthat\u00f3, akkor nem ker\u00fcl sor a korl\u00e1toz\u00e1sra;<br>az adatkezel\u00e9s jogellenes, de \u00d6n ellenzi az adatok t\u00f6rl\u00e9s\u00e9t b\u00e1rmely okb\u00f3l (p\u00e9ld\u00e1ul az\u00e9rt, mert az \u00d6n<br>sz\u00e1m\u00e1ra jogi ig\u00e9ny \u00e9rv\u00e9nyes\u00edt\u00e9se miatt fontosak az adatok), ez\u00e9rt nem az adatok t\u00f6rl\u00e9s\u00e9t k\u00e9ri, hanem<br>ehelyett k\u00e9ri azok felhaszn\u00e1l\u00e1s\u00e1nak korl\u00e1toz\u00e1s\u00e1t;<\/p>\n\n\n\n<p>az Adatkezel\u0151nek m\u00e1r nincs sz\u00fcks\u00e9ge a szem\u00e9lyes adatokra a megjel\u00f6lt adatkezel\u00e9s c\u00e9lj\u00e1b\u00f3l, de \u00d6n<br>ig\u00e9nyli azokat jogi ig\u00e9nyek el\u0151terjeszt\u00e9s\u00e9hez, \u00e9rv\u00e9nyes\u00edt\u00e9s\u00e9hez vagy v\u00e9delm\u00e9hez; vagy<\/p>\n\n\n\n<p>\u00d6n tiltakozott az adatkezel\u00e9s ellen, de Adatkezel\u0151 jogos \u00e9rdeke is megalapozhatja az adatkezel\u00e9st, ez<br>esetben am\u00edg meg\u00e1llap\u00edt\u00e1sra nem ker\u00fcl, hogy az Adatkezel\u0151 jogos indokai els\u0151bbs\u00e9get \u00e9lveznek-e az<br>\u00d6n jogos indokaival szemben, az adatkezel\u00e9st korl\u00e1tozni kell.<br>Ha az adatkezel\u00e9s korl\u00e1toz\u00e1s al\u00e1 esik, az ilyen szem\u00e9lyes adatokat a t\u00e1rol\u00e1s kiv\u00e9tel\u00e9vel csak az<br>\u00e9rintett hozz\u00e1j\u00e1rul\u00e1s\u00e1val, vagy jogi ig\u00e9nyek el\u0151terjeszt\u00e9s\u00e9hez, \u00e9rv\u00e9nyes\u00edt\u00e9s\u00e9hez vagy v\u00e9delm\u00e9hez,<br>vagy m\u00e1s term\u00e9szetes vagy jogi szem\u00e9ly jogainak v\u00e9delme \u00e9rdek\u00e9ben, vagy az Uni\u00f3, illetve valamely<br>tag\u00e1llam fontos k\u00f6z\u00e9rdek\u00e9b\u0151l lehet kezelni.<\/p>\n\n\n\n<p>Adatkezel\u0151 az adatkezel\u00e9s korl\u00e1toz\u00e1s\u00e1nak felold\u00e1s\u00e1r\u00f3l el\u0151zetesen (legal\u00e1bb a korl\u00e1toz\u00e1s felold\u00e1s\u00e1t<br>megel\u0151z\u0151 3 munkanappal) t\u00e1j\u00e9koztatja \u00d6nt.<\/p>\n\n\n\n<p>T\u00f6rl\u00e9shez &#8211; elfeledtet\u00e9shez val\u00f3 jog<br>\u00d6n jogosult arra, hogy az Adatkezel\u0151 indokolatlan k\u00e9sedelem n\u00e9lk\u00fcl t\u00f6r\u00f6lje az \u00d6nre vonatkoz\u00f3<br>szem\u00e9lyes adatokat, ha az al\u00e1bbi indokok valamelyike fenn\u00e1ll:<\/p>\n\n\n\n<p>a szem\u00e9lyes adatokra m\u00e1r nincs sz\u00fcks\u00e9g abb\u00f3l a c\u00e9lb\u00f3l, amelyb\u0151l azokat az Adatkezel\u0151 gy\u0171jt\u00f6tte vagy<br>m\u00e1s m\u00f3don kezelte;<br>\u00d6n visszavonja hozz\u00e1j\u00e1rul\u00e1s\u00e1t \u00e9s az adatkezel\u00e9snek nincs m\u00e1s jogalapja;<br>\u00d6n tiltakozik a jogos \u00e9rdeken alapul\u00f3 adatkezel\u00e9s ellen, \u00e9s nincs els\u0151bbs\u00e9get \u00e9lvez\u0151 jogszer\u0171 ok (azaz<br>jogos \u00e9rdek) az adatkezel\u00e9sre,<br>a szem\u00e9lyes adatokat az Adatkezel\u0151 jogellenesen kezelte \u00e9s ez a panasz alapj\u00e1n meg\u00e1llap\u00edt\u00e1st nyert,<br>a szem\u00e9lyes adatokat az Adatkezel\u0151re alkalmazand\u00f3 uni\u00f3s vagy tag\u00e1llami jogban el\u0151\u00edrt jogi<br>k\u00f6telezetts\u00e9g teljes\u00edt\u00e9s\u00e9hez t\u00f6r\u00f6lni kell.<br>Ha az Adatkezel\u0151 b\u00e1rmely jogszer\u0171 okn\u00e1l fogva nyilv\u00e1noss\u00e1gra hozta az \u00d6nr\u0151l kezelt szem\u00e9lyes<br>adatot, \u00e9s b\u00e1rmely fent megjel\u00f6lt okb\u00f3l t\u00f6r\u00f6lni k\u00f6teles azt, az el\u00e9rhet\u0151 technol\u00f3gia \u00e9s a megval\u00f3s\u00edt\u00e1s<br>k\u00f6lts\u00e9geinek figyelembev\u00e9tel\u00e9vel k\u00f6teles megtenni az \u00e9szszer\u0171en elv\u00e1rhat\u00f3 l\u00e9p\u00e9seket \u2013 ide\u00e9rtve<br>technikai int\u00e9zked\u00e9seket \u2013 annak \u00e9rdek\u00e9ben, hogy t\u00e1j\u00e9koztassa az adatokat kezel\u0151 m\u00e1s<\/p>\n\n\n\n<p>adatkezel\u0151ket, hogy \u00d6n k\u00e9relmezte a sz\u00f3ban forg\u00f3 szem\u00e9lyes adatokra mutat\u00f3 linkek vagy e<br>szem\u00e9lyes adatok m\u00e1solat\u00e1nak, illetve m\u00e1sodp\u00e9ld\u00e1ny\u00e1nak t\u00f6rl\u00e9s\u00e9t.<\/p>\n\n\n\n<p>A t\u00f6rl\u00e9s nem alkalmazand\u00f3, amennyiben az adatkezel\u00e9s sz\u00fcks\u00e9ges:<\/p>\n\n\n\n<p>a v\u00e9lem\u00e9nynyilv\u00e1n\u00edt\u00e1s szabads\u00e1g\u00e1hoz \u00e9s a t\u00e1j\u00e9koz\u00f3d\u00e1shoz val\u00f3 jog gyakorl\u00e1sa c\u00e9lj\u00e1b\u00f3l;<br>a szem\u00e9lyes adatok kezel\u00e9s\u00e9t el\u0151\u00edr\u00f3, az adatkezel\u0151re alkalmazand\u00f3 uni\u00f3s vagy tag\u00e1llami jog szerinti<br>k\u00f6telezetts\u00e9g teljes\u00edt\u00e9se (ilyen eset a sz\u00e1ml\u00e1z\u00e1s keret\u00e9ben megval\u00f3sul\u00f3 adatkezel\u00e9s, mivel a sz\u00e1mla<br>meg\u0151rz\u00e9s\u00e9t jogszab\u00e1ly \u00edrja el\u0151), illetve k\u00f6z\u00e9rdekb\u0151l vagy az adatkezel\u0151re ruh\u00e1zott k\u00f6zhatalmi<br>jogos\u00edtv\u00e1ny gyakorl\u00e1sa keret\u00e9ben v\u00e9gzett feladat v\u00e9grehajt\u00e1sa c\u00e9lj\u00e1b\u00f3l;<br>jogi ig\u00e9nyek el\u0151terjeszt\u00e9s\u00e9hez, \u00e9rv\u00e9nyes\u00edt\u00e9s\u00e9hez, illetve v\u00e9delm\u00e9hez (pl.: ha az Adatkezel\u0151nek \u00d6n<br>fel\u00e9 k\u00f6vetel\u00e9se \u00e1ll fenn \u00e9s azt m\u00e9g nem teljes\u00edtette, vagy fogyaszt\u00f3i, adatkezel\u00e9si panasz int\u00e9z\u00e9se van<br>folyamatban).<br>Tiltakoz\u00e1shoz val\u00f3 jog<br>\u00d6n jogosult arra, hogy a saj\u00e1t helyzet\u00e9vel kapcsolatos okokb\u00f3l b\u00e1rmikor tiltakozzon szem\u00e9lyes<br>adatainak jogos \u00e9rdeken alapul\u00f3 kezel\u00e9se ellen. Ebben az esetben az Adatkezel\u0151 a szem\u00e9lyes<br>adatokat nem kezelheti tov\u00e1bb, kiv\u00e9ve, ha az bizony\u00edtja, hogy az adatkezel\u00e9st olyan k\u00e9nyszer\u00edt\u0151 erej\u0171<br>jogos okok indokolj\u00e1k, amelyek els\u0151bbs\u00e9get \u00e9lveznek az \u00d6n \u00e9rdekeivel, jogaival \u00e9s szabads\u00e1gaival<br>szemben, vagy amelyek jogi ig\u00e9nyek el\u0151terjeszt\u00e9s\u00e9hez, \u00e9rv\u00e9nyes\u00edt\u00e9s\u00e9hez vagy v\u00e9delm\u00e9hez<br>kapcsol\u00f3dnak.<\/p>\n\n\n\n<p>Ha a szem\u00e9lyes adatok kezel\u00e9se k\u00f6zvetlen \u00fczletszerz\u00e9s \u00e9rdek\u00e9ben t\u00f6rt\u00e9nik, \u00d6n jogosult arra, hogy<br>b\u00e1rmikor tiltakozzon az \u00d6nre vonatkoz\u00f3 szem\u00e9lyes adatok e c\u00e9lb\u00f3l t\u00f6rt\u00e9n\u0151 kezel\u00e9se ellen, ide\u00e9rtve a<br>profilalkot\u00e1st is, amennyiben az a k\u00f6zvetlen \u00fczletszerz\u00e9shez kapcsol\u00f3dik. Ha \u00d6n tiltakozik a szem\u00e9lyes<br>adatok k\u00f6zvetlen \u00fczletszerz\u00e9s \u00e9rdek\u00e9ben t\u00f6rt\u00e9n\u0151 kezel\u00e9se ellen, akkor a szem\u00e9lyes adatok a<br>tov\u00e1bbiakban e c\u00e9lb\u00f3l nem kezelhet\u0151k.<\/p>\n\n\n\n<p>Hordozhat\u00f3s\u00e1ghoz val\u00f3 jog<br>Amennyiben az adatkezel\u00e9s automatiz\u00e1lt m\u00f3don val\u00f3sul meg, vagy ha az adatkezel\u00e9s az \u00d6n \u00f6nk\u00e9ntes<br>hozz\u00e1j\u00e1rul\u00e1s\u00e1n alapul, \u00d6nnek joga van arra, hogy k\u00e9rje az Adatkezel\u0151t\u0151l, hogy az \u00d6n \u00e1ltal az<br>Adatkezel\u0151 r\u00e9sz\u00e9re megadott adatokat megkapja, amit az Adatkezel\u0151 xml, JSON, vagy csv<br>form\u00e1tumban bocs\u00e1t az \u00d6n rendelkez\u00e9s\u00e9re, ha ez technikailag megval\u00f3s\u00edthat\u00f3, akkor k\u00e9rheti, hogy az<br>Adatkezel\u0151 az adatokat ebben a form\u00e1ban m\u00e1s adatkezel\u0151 sz\u00e1m\u00e1ra tov\u00e1bb\u00edtsa.<\/p>\n\n\n\n<p>Automatiz\u00e1lt d\u00f6nt\u00e9shozatal<br>\u00d6n jogosult arra, hogy ne terjedjen ki \u00d6nre az olyan, kiz\u00e1r\u00f3lag automatiz\u00e1lt adatkezel\u00e9sen alapul\u00f3<br>d\u00f6nt\u00e9s hat\u00e1lya (ide\u00e9rtve a profilalkot\u00e1st is), amely \u00d6nre n\u00e9zve joghat\u00e1ssal j\u00e1rna vagy \u00d6nt<br>hasonl\u00f3k\u00e9ppen jelent\u0151s m\u00e9rt\u00e9kben \u00e9rinten\u00e9. Ezekben az esetekben az Adatkezel\u0151 k\u00f6teles megfelel\u0151<br>int\u00e9zked\u00e9seket tenni az \u00e9rintett jogainak, szabads\u00e1gainak \u00e9s jogos \u00e9rdekeinek v\u00e9delme \u00e9rdek\u00e9ben,<\/p>\n\n\n\n<p>ide\u00e9rtve az \u00e9rintettnek legal\u00e1bb azt a jog\u00e1t, hogy az adatkezel\u0151 r\u00e9sz\u00e9r\u0151l emberi beavatkoz\u00e1st k\u00e9rjen,<br>\u00e1ll\u00e1spontj\u00e1t kifejezze, \u00e9s a d\u00f6nt\u00e9ssel szemben kifog\u00e1st ny\u00fajtson be.<\/p>\n\n\n\n<p>A fentiek nem alkalmazand\u00f3ak abban az esetben, ha a d\u00f6nt\u00e9s:<\/p>\n\n\n\n<p>\u00d6n \u00e9s az Adatkezel\u0151 k\u00f6z\u00f6tti szerz\u0151d\u00e9s megk\u00f6t\u00e9se vagy teljes\u00edt\u00e9se \u00e9rdek\u00e9ben sz\u00fcks\u00e9ges;<br>meghozatal\u00e1t az Adatkezel\u0151re alkalmazand\u00f3 olyan uni\u00f3s vagy tag\u00e1llami jog teszi lehet\u0151v\u00e9, amely \u00d6n<br>jogainak \u00e9s szabads\u00e1gainak, valamint jogos \u00e9rdekeinek v\u00e9delm\u00e9t szolg\u00e1l\u00f3 megfelel\u0151 int\u00e9zked\u00e9seket is<br>meg\u00e1llap\u00edt; vagy<br>az \u00d6n kifejezett hozz\u00e1j\u00e1rul\u00e1s\u00e1n alapul.<\/p>\n\n\n\n<p>Adatbiztons\u00e1gi int\u00e9zked\u00e9sek<br>Az Adatkezel\u0151 kijelenti, hogy megfelel\u0151 biztons\u00e1gi int\u00e9zked\u00e9seket hozott annak \u00e9rdek\u00e9ben, hogy a<br>szem\u00e9lyes adatok v\u00e9dje a jogosulatlan hozz\u00e1f\u00e9r\u00e9s, megv\u00e1ltoztat\u00e1s, tov\u00e1bb\u00edt\u00e1s, nyilv\u00e1noss\u00e1gra<br>hozatal, t\u00f6rl\u00e9s vagy megsemmis\u00edt\u00e9s, valamint a v\u00e9letlen megsemmis\u00fcl\u00e9s \u00e9s s\u00e9r\u00fcl\u00e9s, tov\u00e1bb\u00e1 az<br>alkalmazott technika megv\u00e1ltoz\u00e1s\u00e1b\u00f3l fakad\u00f3 hozz\u00e1f\u00e9rhetetlenn\u00e9 v\u00e1l\u00e1s ellen.<\/p>\n\n\n\n<p>Az Adatkezel\u0151 a szervezeti \u00e9s technikai lehet\u0151s\u00e9gekhez k\u00e9pest mindent megtesz annak \u00e9rdek\u00e9ben,<br>hogy az Adatfeldolgoz\u00f3i is megfelel\u0151 adatbiztons\u00e1gi int\u00e9zked\u00e9seket tegyenek, amikor az \u00d6n<br>szem\u00e9lyes adataival dolgoznak.<\/p>\n\n\n\n<p><strong>Jogorvoslati lehet\u0151s\u00e9gek<\/strong><br>Amennyiben \u00d6n szerint az Adatkezel\u0151 megs\u00e9rtette valamely, az adatkezel\u00e9sre vonatkoz\u00f3 t\u00f6rv\u00e9nyi<br>rendelkez\u00e9st, vagy nem teljes\u00edtette valamely k\u00e9relm\u00e9t, akkor v\u00e9lelmezett jogellenes adatkezel\u00e9s<br>megsz\u00fcntet\u00e9se \u00e9rdek\u00e9ben a Nemzeti Adatv\u00e9delmi \u00e9s Inform\u00e1ci\u00f3szabads\u00e1g Hat\u00f3s\u00e1g vizsg\u00e1lati<br>elj\u00e1r\u00e1s\u00e1t kezdem\u00e9nyezheti (levelez\u00e9si c\u00edm: 1363 Budapest, Pf. 9., e-mail: ugyfelszolgalat@naih.hu,<br>telefonsz\u00e1mok: +36 (30) 683-5969 +36 (30) 549-6838; +36 (1) 391 1400).<\/p>\n\n\n\n<p>T\u00e1j\u00e9koztatjuk emellett arr\u00f3l is, hogy az adatkezel\u00e9sre vonatkoz\u00f3 t\u00f6rv\u00e9nyi rendelkez\u00e9sek megs\u00e9rt\u00e9se<br>eset\u00e9n, vagy ha az Adatkezel\u0151 nem teljes\u00edtette valamely k\u00e9relm\u00e9t, akkor az Adatkezel\u0151vel szemben<br>polg\u00e1ri pert ind\u00edthat b\u00edr\u00f3s\u00e1g el\u0151tt.<\/p>\n\n\n\n<p><strong>Adatkezel\u00e9si t\u00e1j\u00e9koztat\u00f3 m\u00f3dos\u00edt\u00e1sa<\/strong><br>Az Adatkezel\u0151 fenntartja a jogot, hogy jelen adatkezel\u00e9si t\u00e1j\u00e9koztat\u00f3t az adatkezel\u00e9s c\u00e9lj\u00e1t \u00e9s<br>jogalapj\u00e1t nem \u00e9rint\u0151 m\u00f3don m\u00f3dos\u00edtsa. A honlap m\u00f3dos\u00edt\u00e1s hat\u00e1lybal\u00e9p\u00e9s\u00e9t k\u00f6vet\u0151 haszn\u00e1lat\u00e1val<br>elfogadja a m\u00f3dos\u00edtott adatkezel\u00e9si t\u00e1j\u00e9koztat\u00f3t.<\/p>\n\n\n\n<p>Amennyiben az Adatkezel\u0151 a gy\u0171jt\u00f6tt adatokkal kapcsolatban a gy\u0171jt\u00e9s\u00fck c\u00e9lj\u00e1t\u00f3l elt\u00e9r\u0151 c\u00e9lb\u00f3l<br>tov\u00e1bbi adatkezel\u00e9st k\u00edv\u00e1n v\u00e9gezni, a tov\u00e1bbi adatkezel\u00e9st megel\u0151z\u0151en t\u00e1j\u00e9koztatja \u00d6nt az<br>adatkezel\u00e9s c\u00e9lj\u00e1r\u00f3l \u00e9s az al\u00e1bbi inform\u00e1ci\u00f3kr\u00f3l:<\/p>\n\n\n\n<p>a szem\u00e9lyes adatok t\u00e1rol\u00e1s\u00e1nak id\u0151tartam\u00e1r\u00f3l, vagy ha ez nem lehets\u00e9ges, akkor az id\u0151tartam<br>meghat\u00e1roz\u00e1s\u00e1nak szempontjair\u00f3l;<br>azon jog\u00e1r\u00f3l, hogy k\u00e9relmezheti az Adatkezel\u0151t\u0151l az \u00d6nre vonatkoz\u00f3 szem\u00e9lyes adatokhoz val\u00f3<br>hozz\u00e1f\u00e9r\u00e9st, azok helyesb\u00edt\u00e9s\u00e9t, t\u00f6rl\u00e9s\u00e9t vagy kezel\u00e9s\u00e9nek korl\u00e1toz\u00e1s\u00e1t, \u00e9s jogos \u00e9rdeken alapul\u00f3<br>adatkezel\u00e9s eset\u00e9n tiltakozhat a szem\u00e9lyes adatok kezel\u00e9se ellen, valamint a hozz\u00e1j\u00e1rul\u00e1son, vagy<br>szerz\u0151d\u00e9ses kapcsolaton alapul\u00f3 adatkezel\u00e9s eset\u00e9n k\u00e9rheti az adathordozhat\u00f3s\u00e1ghoz val\u00f3 jog<br>biztos\u00edt\u00e1s\u00e1t;<br>hozz\u00e1j\u00e1rul\u00e1son alapul\u00f3 adatkezel\u00e9s eset\u00e9n arr\u00f3l, hogy a hozz\u00e1j\u00e1rul\u00e1st \u00d6n b\u00e1rmikor visszavonhatja,<br>a fel\u00fcgyeleti hat\u00f3s\u00e1ghoz c\u00edmzett panasz beny\u00fajt\u00e1s\u00e1nak jog\u00e1r\u00f3l;<br>arr\u00f3l, hogy a szem\u00e9lyes adat szolg\u00e1ltat\u00e1sa jogszab\u00e1lyon vagy szerz\u0151d\u00e9ses k\u00f6telezetts\u00e9gen alapul vagy<br>szerz\u0151d\u00e9s k\u00f6t\u00e9s\u00e9nek el\u0151felt\u00e9tele-e, valamint hogy az \u00d6n k\u00f6teles-e a szem\u00e9lyes adatokat megadni,<br>tov\u00e1bb\u00e1 hogy milyen lehets\u00e9ges k\u00f6vetkezm\u00e9nyeikkel j\u00e1rhat az adatszolg\u00e1ltat\u00e1s elmarad\u00e1sa;<br>az automatiz\u00e1lt d\u00f6nt\u00e9shozatal t\u00e9ny\u00e9r\u0151l (ha alkalmazott ilyen elj\u00e1r\u00e1s), ide\u00e9rtve a profilalkot\u00e1st is,<br>valamint legal\u00e1bb ezekben az esetekben az alkalmazott logik\u00e1ra \u00e9s arra vonatkoz\u00f3an \u00e9rthet\u0151<br>inform\u00e1ci\u00f3kat, hogy az ilyen adatkezel\u00e9s milyen jelent\u0151s\u00e9ggel, \u00e9s \u00d6nre n\u00e9zve milyen v\u00e1rhat\u00f3<br>k\u00f6vetkezm\u00e9nyekkel b\u00edr.<br>Az adatkezel\u00e9s csak ezt k\u00f6vet\u0151en kezd\u0151dhet meg, amennyiben az adatkezel\u00e9s jogalapja hozz\u00e1j\u00e1rul\u00e1s,<br>az adatkezel\u00e9shez a t\u00e1j\u00e9koztat\u00e1son fel\u00fcl \u00d6nnek hozz\u00e1 is kell j\u00e1rulnia.<\/p>\n\n\n\n<p><strong>Post\u00e1n marad\u00f3 \u00e9s postapontos k\u00e9zbes\u00edt\u00e9s<\/strong><br>Felh\u00edvjuk a figyelm\u00e9t, hogy a Magyar Posta Zrt. a mindenkor hat\u00e1lyos adatkezel\u00e9si t\u00e1j\u00e9koztat\u00f3ban<br>foglaltak szerint azonos\u00edtja a c\u00edmzettet, ez\u00e9rt adott esetben az \u00d6n szem\u00e9lyes adatainak megad\u00e1s\u00e1t<br>k\u00e9rheti a k\u00e9zbes\u00edt\u00e9skor postai illetve postapontos \u00e1tv\u00e9teln\u00e9l.<\/p>\n\n\n\n<h2 class=\"wp-block-heading\"><\/h2>\n","protected":false},"excerpt":{"rendered":"<p>Adatkezel\u00e9si t\u00e1j\u00e9koztat\u00f3Elfogad\u00e1s d\u00e1tuma: 2022-11-12Adatkezel\u0151N\u00e9v: KASZ-KER Kft. Sz\u00e9khely: 8042 Moha F\u0151 utca 102. Levelez\u00e9si c\u00edm, panaszkezel\u00e9s: 8042 Moha F\u0151 utca 102. E-mail: info@jazminkert.hu Telefonsz\u00e1m: (+36) 70\/935-4725 Weboldal: https:\/\/jazminkert.hu T\u00e1rhelyszolg\u00e1ltat\u00f3N\u00e9v: LIW Intermedia Kft. Levelez\u00e9si c\u00edm: 8000 Sz\u00e9kesfeh\u00e9rv\u00e1r T\u00e1virda utca 2\/A E-mail c\u00edm: info@liw.hu Telefonsz\u00e1m: +36 30&nbsp;293 7971 A webshop \u00fczemeltet\u00e9se sor\u00e1n v\u00e9gzett adatkezel\u00e9sek le\u00edr\u00e1saA jelen dokumentum a [&hellip;]<\/p>\n","protected":false},"author":1,"featured_media":0,"parent":0,"menu_order":0,"comment_status":"closed","ping_status":"open","template":"","meta":{"footnotes":""},"class_list":["post-3","page","type-page","status-publish","hentry"],"yoast_head":"<!-- This site is optimized with the Yoast SEO plugin v27.5 - https:\/\/yoast.com\/product\/yoast-seo-wordpress\/ -->\n<title>Adatkezel\u00e9s<\/title>\n<meta name=\"robots\" content=\"index, follow, max-snippet:-1, max-image-preview:large, max-video-preview:-1\" \/>\n<link rel=\"canonical\" href=\"https:\/\/webshop.jazminkert.hu\/en\/adatkezeles\/\" \/>\n<meta property=\"og:locale\" content=\"en_US\" \/>\n<meta property=\"og:locale:alternate\" content=\"hu_HU\" \/>\n<meta property=\"og:type\" content=\"article\" \/>\n<meta property=\"og:title\" content=\"Adatkezel\u00e9s\" \/>\n<meta property=\"og:description\" content=\"Adatkezel\u00e9si t\u00e1j\u00e9koztat\u00f3Elfogad\u00e1s d\u00e1tuma: 2022-11-12Adatkezel\u0151N\u00e9v: KASZ-KER Kft. Sz\u00e9khely: 8042 Moha F\u0151 utca 102. Levelez\u00e9si c\u00edm, panaszkezel\u00e9s: 8042 Moha F\u0151 utca 102. E-mail: info@jazminkert.hu Telefonsz\u00e1m: (+36) 70\/935-4725 Weboldal: https:\/\/jazminkert.hu T\u00e1rhelyszolg\u00e1ltat\u00f3N\u00e9v: LIW Intermedia Kft. Levelez\u00e9si c\u00edm: 8000 Sz\u00e9kesfeh\u00e9rv\u00e1r T\u00e1virda utca 2\/A E-mail c\u00edm: info@liw.hu Telefonsz\u00e1m: +36 30&nbsp;293 7971 A webshop \u00fczemeltet\u00e9se sor\u00e1n v\u00e9gzett adatkezel\u00e9sek le\u00edr\u00e1saA jelen dokumentum a [&hellip;]\" \/>\n<meta property=\"og:url\" content=\"https:\/\/webshop.jazminkert.hu\/en\/adatkezeles\/\" \/>\n<meta property=\"og:site_name\" content=\"J\u00e1zmin kert\" \/>\n<meta property=\"article:publisher\" content=\"https:\/\/www.facebook.com\/groups\/2773731042866203\/\" \/>\n<meta property=\"article:modified_time\" content=\"2022-12-17T08:02:15+00:00\" \/>\n<meta name=\"twitter:card\" content=\"summary_large_image\" \/>\n<meta name=\"twitter:label1\" content=\"Est. reading time\" \/>\n\t<meta name=\"twitter:data1\" content=\"22 minutes\" \/>\n<script type=\"application\/ld+json\" class=\"yoast-schema-graph\">{\"@context\":\"https:\\\/\\\/schema.org\",\"@graph\":[{\"@type\":\"WebPage\",\"@id\":\"https:\\\/\\\/webshop.jazminkert.hu\\\/adatkezeles\\\/\",\"url\":\"https:\\\/\\\/webshop.jazminkert.hu\\\/adatkezeles\\\/\",\"name\":\"Adatkezel\u00e9s\",\"isPartOf\":{\"@id\":\"https:\\\/\\\/webshop.jazminkert.hu\\\/#website\"},\"datePublished\":\"2022-03-25T13:52:18+00:00\",\"dateModified\":\"2022-12-17T08:02:15+00:00\",\"breadcrumb\":{\"@id\":\"https:\\\/\\\/webshop.jazminkert.hu\\\/adatkezeles\\\/#breadcrumb\"},\"inLanguage\":\"en-US\",\"potentialAction\":[{\"@type\":\"ReadAction\",\"target\":[\"https:\\\/\\\/webshop.jazminkert.hu\\\/adatkezeles\\\/\"]}]},{\"@type\":\"BreadcrumbList\",\"@id\":\"https:\\\/\\\/webshop.jazminkert.hu\\\/adatkezeles\\\/#breadcrumb\",\"itemListElement\":[{\"@type\":\"ListItem\",\"position\":1,\"name\":\"Kezd\u0151lap\",\"item\":\"https:\\\/\\\/webshop.jazminkert.hu\\\/\"},{\"@type\":\"ListItem\",\"position\":2,\"name\":\"Adatkezel\u00e9s\"}]},{\"@type\":\"WebSite\",\"@id\":\"https:\\\/\\\/webshop.jazminkert.hu\\\/#website\",\"url\":\"https:\\\/\\\/webshop.jazminkert.hu\\\/\",\"name\":\"J\u00e1zmin kert\",\"description\":\"Kert\u00e9p\u00edt\u00e9s, kert-fenntart\u00e1s, d\u00edszn\u00f6v\u00e9nytermeszt\u00e9s, m\u00e1r t\u00f6bb mint 10 \u00e9ve\",\"publisher\":{\"@id\":\"https:\\\/\\\/webshop.jazminkert.hu\\\/#organization\"},\"potentialAction\":[{\"@type\":\"SearchAction\",\"target\":{\"@type\":\"EntryPoint\",\"urlTemplate\":\"https:\\\/\\\/webshop.jazminkert.hu\\\/?s={search_term_string}\"},\"query-input\":{\"@type\":\"PropertyValueSpecification\",\"valueRequired\":true,\"valueName\":\"search_term_string\"}}],\"inLanguage\":\"en-US\"},{\"@type\":\"Organization\",\"@id\":\"https:\\\/\\\/webshop.jazminkert.hu\\\/#organization\",\"name\":\"J\u00e1zmin kert\",\"url\":\"https:\\\/\\\/webshop.jazminkert.hu\\\/\",\"logo\":{\"@type\":\"ImageObject\",\"inLanguage\":\"en-US\",\"@id\":\"https:\\\/\\\/webshop.jazminkert.hu\\\/#\\\/schema\\\/logo\\\/image\\\/\",\"url\":\"https:\\\/\\\/webshop.jazminkert.hu\\\/wp-content\\\/uploads\\\/2022\\\/04\\\/cropped-logo.png\",\"contentUrl\":\"https:\\\/\\\/webshop.jazminkert.hu\\\/wp-content\\\/uploads\\\/2022\\\/04\\\/cropped-logo.png\",\"width\":533,\"height\":200,\"caption\":\"J\u00e1zmin kert\"},\"image\":{\"@id\":\"https:\\\/\\\/webshop.jazminkert.hu\\\/#\\\/schema\\\/logo\\\/image\\\/\"},\"sameAs\":[\"https:\\\/\\\/www.facebook.com\\\/groups\\\/2773731042866203\\\/\"]}]}<\/script>\n<!-- \/ Yoast SEO plugin. -->","yoast_head_json":{"title":"Adatkezel\u00e9s","robots":{"index":"index","follow":"follow","max-snippet":"max-snippet:-1","max-image-preview":"max-image-preview:large","max-video-preview":"max-video-preview:-1"},"canonical":"https:\/\/webshop.jazminkert.hu\/en\/adatkezeles\/","og_locale":"en_US","og_type":"article","og_title":"[:hu]Adatkezel\u00e9s[:] - J\u00e1zmin kert","og_description":"Adatkezel\u00e9si t\u00e1j\u00e9koztat\u00f3Elfogad\u00e1s d\u00e1tuma: 2022-11-12Adatkezel\u0151N\u00e9v: KASZ-KER Kft. Sz\u00e9khely: 8042 Moha F\u0151 utca 102. Levelez\u00e9si c\u00edm, panaszkezel\u00e9s: 8042 Moha F\u0151 utca 102. E-mail: info@jazminkert.hu Telefonsz\u00e1m: (+36) 70\/935-4725 Weboldal: https:\/\/jazminkert.hu T\u00e1rhelyszolg\u00e1ltat\u00f3N\u00e9v: LIW Intermedia Kft. Levelez\u00e9si c\u00edm: 8000 Sz\u00e9kesfeh\u00e9rv\u00e1r T\u00e1virda utca 2\/A E-mail c\u00edm: info@liw.hu Telefonsz\u00e1m: +36 30&nbsp;293 7971 A webshop \u00fczemeltet\u00e9se sor\u00e1n v\u00e9gzett adatkezel\u00e9sek le\u00edr\u00e1saA jelen dokumentum a [&hellip;]","og_url":"https:\/\/webshop.jazminkert.hu\/en\/adatkezeles\/","og_site_name":"J\u00e1zmin kert","article_publisher":"https:\/\/www.facebook.com\/groups\/2773731042866203\/","article_modified_time":"2022-12-17T08:02:15+00:00","twitter_card":"summary_large_image","twitter_misc":{"Est. reading time":"22 minutes"},"schema":{"@context":"https:\/\/schema.org","@graph":[{"@type":"WebPage","@id":"https:\/\/webshop.jazminkert.hu\/adatkezeles\/","url":"https:\/\/webshop.jazminkert.hu\/adatkezeles\/","name":"Adatkezel\u00e9s","isPartOf":{"@id":"https:\/\/webshop.jazminkert.hu\/#website"},"datePublished":"2022-03-25T13:52:18+00:00","dateModified":"2022-12-17T08:02:15+00:00","breadcrumb":{"@id":"https:\/\/webshop.jazminkert.hu\/adatkezeles\/#breadcrumb"},"inLanguage":"en-US","potentialAction":[{"@type":"ReadAction","target":["https:\/\/webshop.jazminkert.hu\/adatkezeles\/"]}]},{"@type":"BreadcrumbList","@id":"https:\/\/webshop.jazminkert.hu\/adatkezeles\/#breadcrumb","itemListElement":[{"@type":"ListItem","position":1,"name":"Kezd\u0151lap","item":"https:\/\/webshop.jazminkert.hu\/"},{"@type":"ListItem","position":2,"name":"Adatkezel\u00e9s"}]},{"@type":"WebSite","@id":"https:\/\/webshop.jazminkert.hu\/#website","url":"https:\/\/webshop.jazminkert.hu\/","name":"J\u00e1zmin kert","description":"Kert\u00e9p\u00edt\u00e9s, kert-fenntart\u00e1s, d\u00edszn\u00f6v\u00e9nytermeszt\u00e9s, m\u00e1r t\u00f6bb mint 10 \u00e9ve","publisher":{"@id":"https:\/\/webshop.jazminkert.hu\/#organization"},"potentialAction":[{"@type":"SearchAction","target":{"@type":"EntryPoint","urlTemplate":"https:\/\/webshop.jazminkert.hu\/?s={search_term_string}"},"query-input":{"@type":"PropertyValueSpecification","valueRequired":true,"valueName":"search_term_string"}}],"inLanguage":"en-US"},{"@type":"Organization","@id":"https:\/\/webshop.jazminkert.hu\/#organization","name":"J\u00e1zmin kert","url":"https:\/\/webshop.jazminkert.hu\/","logo":{"@type":"ImageObject","inLanguage":"en-US","@id":"https:\/\/webshop.jazminkert.hu\/#\/schema\/logo\/image\/","url":"https:\/\/webshop.jazminkert.hu\/wp-content\/uploads\/2022\/04\/cropped-logo.png","contentUrl":"https:\/\/webshop.jazminkert.hu\/wp-content\/uploads\/2022\/04\/cropped-logo.png","width":533,"height":200,"caption":"J\u00e1zmin kert"},"image":{"@id":"https:\/\/webshop.jazminkert.hu\/#\/schema\/logo\/image\/"},"sameAs":["https:\/\/www.facebook.com\/groups\/2773731042866203\/"]}]}},"jetpack_sharing_enabled":true,"_links":{"self":[{"href":"https:\/\/webshop.jazminkert.hu\/en\/wp-json\/wp\/v2\/pages\/3","targetHints":{"allow":["GET"]}}],"collection":[{"href":"https:\/\/webshop.jazminkert.hu\/en\/wp-json\/wp\/v2\/pages"}],"about":[{"href":"https:\/\/webshop.jazminkert.hu\/en\/wp-json\/wp\/v2\/types\/page"}],"author":[{"embeddable":true,"href":"https:\/\/webshop.jazminkert.hu\/en\/wp-json\/wp\/v2\/users\/1"}],"replies":[{"embeddable":true,"href":"https:\/\/webshop.jazminkert.hu\/en\/wp-json\/wp\/v2\/comments?post=3"}],"version-history":[{"count":2,"href":"https:\/\/webshop.jazminkert.hu\/en\/wp-json\/wp\/v2\/pages\/3\/revisions"}],"predecessor-version":[{"id":137,"href":"https:\/\/webshop.jazminkert.hu\/en\/wp-json\/wp\/v2\/pages\/3\/revisions\/137"}],"wp:attachment":[{"href":"https:\/\/webshop.jazminkert.hu\/en\/wp-json\/wp\/v2\/media?parent=3"}],"curies":[{"name":"wp","href":"https:\/\/api.w.org\/{rel}","templated":true}]}}